{"id":392,"date":"2022-08-11T21:46:11","date_gmt":"2022-08-11T21:46:11","guid":{"rendered":"https:\/\/beeasist.com\/?page_id=392"},"modified":"2024-11-08T07:36:21","modified_gmt":"2024-11-08T07:36:21","slug":"uye-aydinlatma-metni","status":"publish","type":"page","link":"https:\/\/beeasist.com\/ro\/uye-aydinlatma-metni\/","title":{"rendered":"\u00dcye Ayd\u0131nlatma Metni"},"content":{"rendered":"\t\t<div data-elementor-type=\"wp-page\" data-elementor-id=\"392\" class=\"elementor elementor-392\">\n\t\t\t\t\t\t<div class=\"elementor-inner\">\n\t\t\t\t<div class=\"elementor-section-wrap\">\n\t\t\t\t\t\t\t\t\t<section class=\"elementor-section elementor-top-section elementor-element elementor-element-0ab982d elementor-section-boxed elementor-section-height-default elementor-section-height-default\" data-id=\"0ab982d\" data-element_type=\"section\" data-settings=\"{&quot;background_background&quot;:&quot;classic&quot;}\">\n\t\t\t\t\t\t<div class=\"elementor-container elementor-column-gap-default\">\n\t\t\t\t\t\t\t<div class=\"elementor-row\">\n\t\t\t\t\t<div class=\"elementor-column elementor-col-100 elementor-top-column elementor-element elementor-element-0213250\" data-id=\"0213250\" data-element_type=\"column\" data-settings=\"{&quot;background_background&quot;:&quot;classic&quot;}\">\n\t\t\t<div class=\"elementor-column-wrap elementor-element-populated\">\n\t\t\t\t\t\t\t<div class=\"elementor-widget-wrap\">\n\t\t\t\t\t\t<div class=\"elementor-element elementor-element-757226f elementor-widget elementor-widget-heading\" data-id=\"757226f\" data-element_type=\"widget\" data-widget_type=\"heading.default\">\n\t\t\t\t<div class=\"elementor-widget-container\">\n\t\t\t<style>\/*! elementor - v3.11.1 - 15-02-2023 *\/\n.elementor-heading-title{padding:0;margin:0;line-height:1}.elementor-widget-heading .elementor-heading-title[class*=elementor-size-]>a{color:inherit;font-size:inherit;line-height:inherit}.elementor-widget-heading .elementor-heading-title.elementor-size-small{font-size:15px}.elementor-widget-heading .elementor-heading-title.elementor-size-medium{font-size:19px}.elementor-widget-heading .elementor-heading-title.elementor-size-large{font-size:29px}.elementor-widget-heading .elementor-heading-title.elementor-size-xl{font-size:39px}.elementor-widget-heading .elementor-heading-title.elementor-size-xxl{font-size:59px}<\/style><h3 class=\"elementor-heading-title elementor-size-default\">\u00dcye Ayd\u0131nlatma Metni<\/h3>\t\t<\/div>\n\t\t\t\t<\/div>\n\t\t\t\t<div class=\"elementor-element elementor-element-eb04353 elementor-widget elementor-widget-text-editor\" data-id=\"eb04353\" data-element_type=\"widget\" data-widget_type=\"text-editor.default\">\n\t\t\t\t<div class=\"elementor-widget-container\">\n\t\t\t<style>\/*! elementor - v3.11.1 - 15-02-2023 *\/\n.elementor-widget-text-editor.elementor-drop-cap-view-stacked .elementor-drop-cap{background-color:#818a91;color:#fff}.elementor-widget-text-editor.elementor-drop-cap-view-framed .elementor-drop-cap{color:#818a91;border:3px solid;background-color:transparent}.elementor-widget-text-editor:not(.elementor-drop-cap-view-default) .elementor-drop-cap{margin-top:8px}.elementor-widget-text-editor:not(.elementor-drop-cap-view-default) .elementor-drop-cap-letter{width:1em;height:1em}.elementor-widget-text-editor .elementor-drop-cap{float:left;text-align:center;line-height:1;font-size:50px}.elementor-widget-text-editor .elementor-drop-cap-letter{display:inline-block}<\/style>\t\t\t\t\t<div class=\"elementor-text-editor elementor-clearfix\">\n\t\t\t\t<p>6698 say\u0131l\u0131 Ki\u015fisel Verilerin Korunmas\u0131 Kanunu (\u201c<strong>Kanun<\/strong>\u201d) uyar\u0131nca ki\u015fisel verileriniz; veri sorumlusu olarak Esentepe Mahallesi, Atom Sokak No:20, Kanyon Apt. Kat:3 Daire:5 34394 \u015e\u0130\u015eL\u0130\/ \u0130STANBUL adresinde mukim <strong>Beeasist Teknoloji A.\u015e.<\/strong> (\u201c<strong>\u015eirket<\/strong>\u201d) taraf\u0131ndan ki\u015fisel verilerinizin g\u00fcvenli\u011fi hususuna azami hassasiyeti g\u00f6sterilmek kayd\u0131 ile a\u015fa\u011f\u0131da a\u00e7\u0131klanan kapsamda i\u015flenebilecektir.<\/p><p><strong>\u0130\u015flenen Ki\u015fisel Veriler<\/strong><\/p><p><strong>\u00a0<\/strong><\/p><p>Kullan\u0131c\u0131 olarak i\u015flenmekte olan ki\u015fisel verileriniz a\u015fa\u011f\u0131daki gibidir;<\/p><table width=\"642\"><tbody><tr><td width=\"170\"><p><strong>Ki\u015fisel Veri Kategorisi<\/strong><\/p><\/td><td width=\"472\"><p><strong>Ki\u015fisel Veriler<\/strong><\/p><\/td><\/tr><tr><td width=\"170\"><p>Kimlik bilgileri<\/p><\/td><td width=\"472\"><p>\u0130sim, soy isim, do\u011fum tarihi, cinsiyet, T.C. kimlik numaras\u0131, vergi kimlik numaras\u0131<\/p><\/td><\/tr><tr><td width=\"170\"><p>\u0130leti\u015fim bilgisi<\/p><\/td><td width=\"472\"><p>E-posta, telefon numaras\u0131, adres<\/p><\/td><\/tr><tr><td width=\"170\"><p>Finansal bilgiler<\/p><\/td><td width=\"472\"><p>Vergi dairesi, banka hesap bilgisi<\/p><\/td><\/tr><tr><td width=\"170\"><p>\u0130\u015flem g\u00fcvenli\u011fi bilgisi<\/p><\/td><td width=\"472\"><p>IP, log kay\u0131tlar\u0131<\/p><\/td><\/tr><tr><td width=\"170\"><p>Mesleki deneyim bilgisi<\/p><\/td><td width=\"472\"><p>\u0130\u015fyeri ad\u0131, hizmet kategorisi<\/p><\/td><\/tr><\/tbody><\/table><p><strong>\u00a0<\/strong><\/p><p><strong>Ki\u015fisel Verilerin Hangi Ama\u00e7la \u0130\u015flenebilece\u011fi<\/strong><\/p><p><strong>\u00a0<\/strong><\/p><p>Toplanan ki\u015fisel verileriniz, a\u015fa\u011f\u0131da yer verilen ama\u00e7larla (\u201c<strong>Ama\u00e7lar<\/strong>\u201d) Kanun\u2019un 5. ve 6. maddelerinde belirtilen ki\u015fisel veri i\u015fleme \u015fartlar\u0131 ve ama\u00e7lar\u0131 dahilinde i\u015flenecektir.<\/p><ul><li>\u00dcye ileti\u015fim bilgilerinin g\u00fcncellenmesi,<\/li><li>\u00dcyelik kay\u0131tlar\u0131n\u0131n a\u00e7\u0131lmas\u0131 ve faturaland\u0131rma faaliyetlerinin ger\u00e7ekle\u015ftirilmesi,<\/li><li>\u00dcyelik s\u00f6zle\u015fmesinin kurulmas\u0131 veya ifas\u0131,<\/li><li>\u00d6deme i\u015flemlerinin ger\u00e7ekle\u015ftirilmesi ve \u00f6deme takibi,<\/li><li>Resmi kurum taleplerinin yerine getirilmesi,<\/li><li>Yetkili kurulu\u015flara mevzuattan kaynakl\u0131 bilgi verilmesi,<\/li><li>Mevzuatta \u00f6ng\u00f6r\u00fclen saklama y\u00fck\u00fcml\u00fcl\u00fcklerine uygunlu\u011fun sa\u011flanmas\u0131,<\/li><li>\u0130lgili ki\u015fi ba\u015fvurular\u0131n\u0131n mevzuata uygun olarak yan\u0131tlanmas\u0131 ve gerekli i\u015flemlerin ger\u00e7ekle\u015ftirilmesi,<\/li><li>\u00dcyelik ili\u015fkilerinin y\u00fcr\u00fct\u00fclmesi ve y\u00f6netimi,<\/li><li>Talep ve \u015fikayetlerinizin al\u0131nmas\u0131, de\u011ferlendirilmesi ve sonu\u00e7land\u0131r\u0131lmas\u0131,<\/li><li>Finans ve muhasebe i\u015flerinin takibi,<\/li><li>S\u00f6zle\u015fme s\u00fcre\u00e7lerinin ve hukuki taleplerin takibi,<\/li><li>\u015eirketimiz taraf\u0131ndan y\u00fcr\u00fct\u00fclen ticari faaliyetlerin ger\u00e7ekle\u015ftirilmesi i\u00e7in ilgili i\u015f birimlerimiz taraf\u0131ndan gerekli \u00e7al\u0131\u015fmalar\u0131n yap\u0131lmas\u0131 ve buna ba\u011fl\u0131 i\u015f s\u00fcre\u00e7lerinin y\u00fcr\u00fct\u00fclmesi,<\/li><li>\u015eirketimizin ve \u015eirketimiz ile i\u015f ili\u015fkisi i\u00e7erisinde olan ilgili ki\u015filerin hukuki, teknik ve ticari-i\u015f g\u00fcvenli\u011finin temini,<\/li><li>\u015eirketimizin i\u015f faaliyetlerinin takibi ve denetimi,<\/li><li>\u0130leride meydana gelmesi muhtemel olas\u0131 uyu\u015fmazl\u0131klarda delil te\u015fkil etmesi amac\u0131 ile ki\u015fisel verilerin genel zamana\u015f\u0131m\u0131 s\u00fcresince saklanmas\u0131,<\/li><li>Hukuk i\u015flerinin takibi ve y\u00fcr\u00fct\u00fclmesi,<\/li><li>Bilgi g\u00fcvenli\u011fi s\u00fcre\u00e7lerinin y\u00fcr\u00fct\u00fclmesi, bilgi teknolojileri altyap\u0131s\u0131n\u0131n y\u00f6netilmesi, i\u015f s\u00fcreklili\u011finin sa\u011flanmas\u0131 ve istemlerin yedeklenmesi, sistemlerin g\u00fcvenli\u011finin sa\u011flanmas\u0131,<\/li><li>\u00dcye memnuniyeti ve kurumsal ileti\u015fim faaliyetlerinin planlanmas\u0131 ve icras\u0131,<\/li><li>\u015eirketimizin sundu\u011fu hizmetlerin tan\u0131t\u0131lmas\u0131na y\u00f6nelik ziyaretlerin, tan\u0131t\u0131mlar\u0131n, kampanya, promosyon veya reklam aktivitelerinin ger\u00e7ekle\u015ftirilmesi,<\/li><li>A\u00e7\u0131k r\u0131zan\u0131z\u0131 vermeniz halinde kimlik, ileti\u015fim ve ba\u011fl\u0131 i\u015fletmeye ait kimlik, ileti\u015fim, i\u015flem g\u00fcvenli\u011fi, finans ve \u00fcye i\u015flem verilerinizin sizlerle ileti\u015fime ge\u00e7ilerek \u015eirketimizin \u00fcr\u00fcn ve hizmetlerinin pazarlama, yat\u0131r\u0131m s\u00fcre\u00e7lerinin ger\u00e7ekle\u015ftirilmesi, profilleme ve analiz faaliyetleri dahil \u015eirketimiz taraf\u0131ndan sunulan hizmetlerin ilgili ki\u015filerin be\u011feni, kullan\u0131m al\u0131\u015fkanl\u0131klar\u0131 ve ihtiya\u00e7lar\u0131na g\u00f6re \u00f6zelle\u015ftirilerek ilgili ki\u015filere \u00f6nerilmesi ve tan\u0131t\u0131lmas\u0131 amac\u0131yla i\u015flenmesi,<\/li><li>A\u00e7\u0131k r\u0131zan\u0131z\u0131 vermeniz halinde kimlik ve ileti\u015fim verilerinizin tercih etti\u011finiz ileti\u015fim bilgilerinizin reklam, promosyon, vb. ticari elektronik ileti g\u00f6nderilmesi,<\/li><li>Birle\u015fme devralma s\u00fcre\u00e7leri ve olas\u0131 yat\u0131r\u0131m s\u00fcre\u00e7lerinde kullan\u0131lmas\u0131,<\/li><li>\u015eirket icrai faaliyetlerinin riskin takip edilmesi ve y\u00f6netimin bilgilendirilmesi vas\u0131tas\u0131yla gerekli tedbirlerinin al\u0131nmas\u0131n\u0131n sa\u011flanmas\u0131.<\/li><\/ul><p><strong>Ki\u015fisel Veri Toplaman\u0131n Y\u00f6ntemi ve Hukuki Sebebi<\/strong><\/p><p><strong>\u00a0<\/strong><\/p><p>Ki\u015fisel verileriniz, yukar\u0131da yer verilen Ama\u00e7lar\u2019\u0131n yerine getirilmesi kapsam\u0131nda elektronik ortamda internet sitesi, \u00e7evrimi\u00e7i ba\u015fvuru formunun doldurulmas\u0131, e-posta kanallar\u0131 ve fiziki ortamda \u015eirketimiz ile ileti\u015fime ge\u00e7ti\u011finiz hallerde ger\u00e7ekle\u015ftirilen g\u00f6r\u00fc\u015fmeler, ziyaretler ve matbu formlar kanallar\u0131yla toplanmaktad\u0131r.<\/p><p>Ki\u015fisel verileriniz a\u015fa\u011f\u0131daki ama\u00e7larla ve hukuki sebepler ile \u015eirketimiz taraf\u0131ndan Kanun\u2019un 5. ve 6. maddelerinde belirtilen ki\u015fisel veri i\u015fleme \u015fartlar\u0131na dayal\u0131 olarak toplanmakta ve i\u015flenmektedir.<\/p><p><strong><em>Bir s\u00f6zle\u015fmenin kurulmas\u0131 veya ifas\u0131yla do\u011frudan do\u011fruya ilgili olmas\u0131 kayd\u0131yla, s\u00f6zle\u015fmenin taraflar\u0131na ait ki\u015fisel verilerin i\u015flenmesinin gerekli olmas\u0131 hukuki sebebine dayal\u0131 olarak;<\/em><\/strong><\/p><p><strong><em>\u00a0<\/em><\/strong><\/p><ul><li>\u00dcye ileti\u015fim bilgilerinin g\u00fcncellenmesi,<\/li><li>\u00dcye kay\u0131tlar\u0131n\u0131n a\u00e7\u0131lmas\u0131,<\/li><li>\u015eirketimizin hizmetlerinden faydalanman\u0131z dolay\u0131s\u0131yla \u00fcyelik s\u00f6zle\u015fmesinin kurulmas\u0131 veya ifas\u0131,<\/li><li>S\u00f6zle\u015fme s\u00fcre\u00e7lerinin ve hukuki taleplerin takibi,<\/li><\/ul><p><strong><em>Kanunlarca a\u00e7\u0131k\u00e7a \u00f6ng\u00f6r\u00fclmesi ve veri sorumlusunun hukuki y\u00fck\u00fcml\u00fcl\u00fc\u011f\u00fcn\u00fc yerine getirebilmesi i\u00e7in zorunlu olmas\u0131 hukuki sebebine dayal\u0131 olarak;<\/em><\/strong><\/p><p><strong><em>\u00a0<\/em><\/strong><\/p><ul><li>Resmi kurum taleplerinin yerine getirilmesi,<\/li><li>Yetkili kurulu\u015flara mevzuattan kaynakl\u0131 bilgi verilmesi,<\/li><li>Mevzuatta \u00f6ng\u00f6r\u00fclen saklama y\u00fck\u00fcml\u00fcl\u00fcklerine uygunlu\u011fun sa\u011flanmas\u0131,<\/li><li>\u0130lgili ki\u015fi ba\u015fvurular\u0131n\u0131n mevzuata uygun olarak yan\u0131tlanmas\u0131 ve gerekli i\u015flemlerin ger\u00e7ekle\u015ftirilmesi,<\/li><li>\u015eirket prosed\u00fcrlerine ve ilgili mevzuata uygun olarak y\u00fcr\u00fct\u00fclmesinin sa\u011flanmas\u0131.<\/li><\/ul><p><strong><em>\u0130lgili ki\u015finin temel hak ve \u00f6zg\u00fcrl\u00fcklerine zarar vermemek kayd\u0131yla, veri sorumlusunun me\u015fru menfaatleri i\u00e7in veri i\u015flenmesinin zorunlu olmas\u0131 hukuki sebebine dayal\u0131 olarak;<\/em><\/strong><\/p><p><strong><em>\u00a0<\/em><\/strong><\/p><ul><li>\u00dcye ili\u015fkilerinin y\u00fcr\u00fct\u00fclmesi ve y\u00f6netimi,<\/li><li>Talep ve \u015fikayetlerinizin al\u0131nmas\u0131, de\u011ferlendirilmesi ve sonu\u00e7land\u0131r\u0131lmas\u0131,<\/li><li>Finans ve muhasebe i\u015flerinin takibi,<\/li><li>Hizmetlerimizin pazarlama faaliyetleri dahil olmak \u00fczere \u015eirketimiz taraf\u0131ndan sunulan \u00fcr\u00fcn ve hizmetlerden ilgili ki\u015fileri faydaland\u0131rmak i\u00e7in gerekli \u00e7al\u0131\u015fmalar\u0131n i\u015f birimlerimiz taraf\u0131ndan yap\u0131lmas\u0131 ile i\u015f ortaklar\u0131 ve tedarik\u00e7ilerle olan i\u015f s\u00fcre\u00e7lerinin y\u00fcr\u00fct\u00fclmesi,<\/li><li>\u015eirketimiz taraf\u0131ndan y\u00fcr\u00fct\u00fclen ticari faaliyetlerin ger\u00e7ekle\u015ftirilmesi i\u00e7in ilgili i\u015f birimlerimiz taraf\u0131ndan gerekli \u00e7al\u0131\u015fmalar\u0131n yap\u0131lmas\u0131 ve buna ba\u011fl\u0131 i\u015f s\u00fcre\u00e7lerinin y\u00fcr\u00fct\u00fclmesi,<\/li><li>\u015eirketimizin ve \u015eirketimiz ile i\u015f ili\u015fkisi i\u00e7erisinde olan ilgili ki\u015filerin hukuki, teknik ve ticari-i\u015f g\u00fcvenli\u011finin temini,<\/li><li>\u015eirketimizin i\u015f faaliyetlerinin takibi ve denetimi,<\/li><li>Bilgi g\u00fcvenli\u011fi s\u00fcre\u00e7lerinin y\u00fcr\u00fct\u00fclmesi, bilgi teknolojileri altyap\u0131s\u0131n\u0131n y\u00f6netilmesi ve i\u015f s\u00fcreklili\u011finin sa\u011flanmas\u0131,<\/li><li>\u00dcye memnuniyeti ve kurumsal ileti\u015fim faaliyetlerinin planlanmas\u0131 ve icras\u0131,<\/li><li>\u015eirketimizin sundu\u011fu hizmetlerin tan\u0131t\u0131lmas\u0131na y\u00f6nelik ziyaretlerin, tan\u0131t\u0131mlar\u0131n, kampanya, promosyon veya reklam aktivitelerinin ger\u00e7ekle\u015ftirilmesi.<\/li><\/ul><p><strong><em>Bir hakk\u0131n tesisi, kullan\u0131lmas\u0131 veya korunmas\u0131 i\u00e7in veri i\u015flemenin zorunlu olmas\u0131 hukuki sebebine dayal\u0131 olarak;<\/em><\/strong><\/p><p><strong><em>\u00a0<\/em><\/strong><\/p><ul><li>Talep ve \u015fikayetlerinizin al\u0131nmas\u0131, de\u011ferlendirilmesi ve sonu\u00e7land\u0131r\u0131lmas\u0131,<\/li><li>\u0130leride meydana gelmesi muhtemel olas\u0131 uyu\u015fmazl\u0131klarda delil te\u015fkil etmesi amac\u0131 ile ki\u015fisel verilerin genel zamana\u015f\u0131m\u0131 s\u00fcresince saklanmas\u0131,<\/li><li>Hukuk i\u015flerinin takibi ve y\u00fcr\u00fct\u00fclmesi,<\/li><\/ul><p><strong><em>A\u00e7\u0131k r\u0131zan\u0131z\u0131n varl\u0131\u011f\u0131 halinde ise,<\/em><\/strong><\/p><p><strong><em>\u00a0<\/em><\/strong><\/p><ul><li>Kimlik, ileti\u015fim ve i\u015fletmeye ait bilgilerin sizlerle ileti\u015fime ge\u00e7ilerek \u015eirketimizin \u00fcr\u00fcn ve hizmetlerinin pazarlama s\u00fcre\u00e7lerinin ger\u00e7ekle\u015ftirilmesi, profilleme ve analiz faaliyetleri dahil \u015eirketimiz taraf\u0131ndan sunulan \u00fcr\u00fcn ve hizmetlerin ilgili ki\u015filerin be\u011feni, kullan\u0131m al\u0131\u015fkanl\u0131klar\u0131 ve ihtiya\u00e7lar\u0131na g\u00f6re \u00f6zelle\u015ftirilerek ilgili ki\u015filere \u00f6nerilmesi ve tan\u0131t\u0131lmas\u0131 amac\u0131yla i\u015flenmesi,<\/li><li>Kimlik ve ileti\u015fim verilerinizin tercih etti\u011finiz ileti\u015fim bilgilerinizin reklam, promosyon, vb. ticari elektronik ileti g\u00f6nderilmesi,<\/li><li>Kimlik, ileti\u015fim, i\u015flem g\u00fcvenli\u011fi, finans ve \u00fcye i\u015flem verilerinizin \u00fcye veritaban\u0131 y\u00f6netimi amac\u0131yla hizmetlerinden faydaland\u0131\u011f\u0131m\u0131z yurt d\u0131\u015f\u0131nda mukim CRM program\u0131na kaydedilmesi ve sunucusu yurtd\u0131\u015f\u0131nda bulunan e-posta ve bulut sistemlerinde tutulmas\u0131<\/li><\/ul><p><strong>Ki\u015fisel Verilerinizin \u00dc\u00e7\u00fcnc\u00fc Ki\u015filere ve\/veya Yurtd\u0131\u015f\u0131na Aktar\u0131lmas\u0131<\/strong><\/p><p><strong>\u00a0<\/strong><\/p><p>Ki\u015fisel verileriniz yukar\u0131da belirtilen ama\u00e7 ya da ama\u00e7lar do\u011frultusunda KVKK madde 8 ve 9 kapsam\u0131nda belirtilen aktar\u0131m \u015fartlar\u0131 \u00e7er\u00e7evesinde a\u00e7\u0131k r\u0131zan\u0131za istinaden <strong>(i)<\/strong> \u015eirket\u2019in bilgi g\u00fcvenli\u011fi s\u00fcre\u00e7lerinin y\u00fcr\u00fct\u00fclmesi amac\u0131yla depolama, ar\u015fivleme, bar\u0131nd\u0131rma (sunucu, hosting, program, bulut bili\u015fim) gibi alanlarda destek ald\u0131\u011f\u0131 \u00fc\u00e7\u00fcnc\u00fc ki\u015filere, <strong>(ii)<\/strong> gerekmesi halinde i\u015f s\u00fcreklili\u011fin sa\u011flanmas\u0131 amac\u0131yla birlikte \u00e7al\u0131\u015f\u0131lan ve yurtd\u0131\u015f\u0131nda mukim olan i\u015f ortaklar\u0131na <strong>(iii)<\/strong> talep edilmesi halinde yasal ya da d\u00fczenleyici y\u00fck\u00fcml\u00fcl\u00fckleri ya da talepleri yerine getirmek i\u00e7in yetkili kurum ve kurulu\u015flara ve <strong>(iv<\/strong>) yurti\u00e7inde birle\u015fme, devralma ve yat\u0131r\u0131m kapsam\u0131nda destek ald\u0131\u011f\u0131m\u0131z i\u015f ortaklar\u0131m\u0131za ve olas\u0131 yat\u0131r\u0131mc\u0131lara aktar\u0131labilmektedir.<\/p><p><strong>\u0130lgili Ki\u015finin Haklar\u0131 <\/strong><\/p><p>\u0130lgili ki\u015fi olarak Kanun\u2019un 11. maddesi uyar\u0131nca a\u015fa\u011f\u0131daki haklara sahip oldu\u011funuzu bildiririz:<\/p><ul><li>Ki\u015fisel verileriniz i\u015flenmi\u015fse buna ili\u015fkin bilgi talep etme,<\/li><li>Ki\u015fisel verilerinizin i\u015flenme amac\u0131n\u0131 ve bunlar\u0131n amac\u0131na uygun kullan\u0131l\u0131p kullan\u0131lmad\u0131\u011f\u0131n\u0131 \u00f6\u011frenme,<\/li><li>Yurt i\u00e7inde veya yurt d\u0131\u015f\u0131nda ki\u015fisel verilerinizin aktar\u0131ld\u0131\u011f\u0131 \u00fc\u00e7\u00fcnc\u00fc ki\u015fileri bilme,<\/li><li>Ki\u015fisel verilerinizin eksik veya yanl\u0131\u015f i\u015flenmi\u015f olmas\u0131 h\u00e2linde bunlar\u0131n d\u00fczeltilmesini isteme ve bu kapsamda yap\u0131lan i\u015flemin ki\u015fisel verilerinizin aktar\u0131ld\u0131\u011f\u0131 \u00fc\u00e7\u00fcnc\u00fc ki\u015filere bildirilmesini isteme,<\/li><li>Kanun ve ilgili di\u011fer kanun h\u00fck\u00fcmlerine uygun olarak i\u015flenmi\u015f olmas\u0131na ra\u011fmen, i\u015flenmesini gerektiren sebeplerin ortadan kalkmas\u0131 h\u00e2linde ki\u015fisel verilerinizin silinmesini veya yok edilmesini isteme ve bu kapsamda yap\u0131lan i\u015flemin ki\u015fisel verilerinizin aktar\u0131ld\u0131\u011f\u0131 \u00fc\u00e7\u00fcnc\u00fc ki\u015filere bildirilmesini isteme,<\/li><li>\u0130\u015flenen verilerinizin m\u00fcnhas\u0131ran otomatik sistemler vas\u0131tas\u0131yla analiz edilmesi suretiyle aleyhinize bir sonucun ortaya \u00e7\u0131kmas\u0131na itiraz etme,<\/li><li>Ki\u015fisel verilerinizin kanuna ayk\u0131r\u0131 olarak i\u015flenmesi sebebiyle zarara u\u011framas\u0131 h\u00e2linde zarar\u0131n giderilmesini talep etme.<\/li><\/ul><p>Kanun kapsam\u0131ndaki yukar\u0131da belirtilen haklar\u0131n\u0131z\u0131 kullanma taleplerinizi ve ki\u015fisel verilerinizle ilgili her t\u00fcrl\u00fc sorunuzu, T\u00fcrk\u00e7e ve yaz\u0131l\u0131 olarak, [.] adresine (noter vas\u0131tas\u0131yla veya iadeli taahh\u00fctl\u00fc posta yoluyla) \u0131slak imzal\u0131 olarak g\u00f6nderebilirsiniz.<\/p><p>\u015eirketimiz, bu kapsamdaki taleplerinizi, talebin niteli\u011fine g\u00f6re en k\u0131sa s\u00fcrede ve en ge\u00e7 otuz g\u00fcn i\u00e7inde \u00fccretsiz olarak sonu\u00e7land\u0131racakt\u0131r. Ancak, i\u015flemin ayr\u0131ca bir maliyeti gerektirmesi halinde, Kurulca belirlenen tarifedeki \u00fccret al\u0131nabilecektir. \u015eirketimizin cevap vermeden \u00f6nce kimli\u011finizi do\u011frulama hakk\u0131 sakl\u0131d\u0131r.<\/p>\t\t\t\t\t<\/div>\n\t\t\t\t\t\t<\/div>\n\t\t\t\t<\/div>\n\t\t\t\t\t\t<\/div>\n\t\t\t\t\t<\/div>\n\t\t<\/div>\n\t\t\t\t\t\t\t\t<\/div>\n\t\t\t\t\t<\/div>\n\t\t<\/section>\n\t\t\t\t\t\t\t\t\t<\/div>\n\t\t\t<\/div>\n\t\t\t\t\t<\/div>\n\t\t","protected":false},"excerpt":{"rendered":"<p>\u00dcye Ayd\u0131nlatma Metni 6698 say\u0131l\u0131 Ki\u015fisel Verilerin Korunmas\u0131 Kanunu (\u201cKanun\u201d) uyar\u0131nca ki\u015fisel verileriniz; veri sorumlusu olarak Esentepe Mahallesi, Atom Sokak No:20, Kanyon Apt. Kat:3 Daire:5 34394 \u015e\u0130\u015eL\u0130\/ \u0130STANBUL adresinde mukim Beeasist Teknoloji A.\u015e. (\u201c\u015eirket\u201d) taraf\u0131ndan ki\u015fisel verilerinizin g\u00fcvenli\u011fi hususuna azami hassasiyeti g\u00f6sterilmek kayd\u0131 ile a\u015fa\u011f\u0131da a\u00e7\u0131klanan kapsamda i\u015flenebilecektir. \u0130\u015flenen Ki\u015fisel Veriler \u00a0 Kullan\u0131c\u0131 olarak i\u015flenmekte [&hellip;]<\/p>\n","protected":false},"author":1,"featured_media":0,"parent":0,"menu_order":0,"comment_status":"closed","ping_status":"closed","template":"elementor_header_footer","meta":[],"_links":{"self":[{"href":"https:\/\/beeasist.com\/ro\/wp-json\/wp\/v2\/pages\/392"}],"collection":[{"href":"https:\/\/beeasist.com\/ro\/wp-json\/wp\/v2\/pages"}],"about":[{"href":"https:\/\/beeasist.com\/ro\/wp-json\/wp\/v2\/types\/page"}],"author":[{"embeddable":true,"href":"https:\/\/beeasist.com\/ro\/wp-json\/wp\/v2\/users\/1"}],"replies":[{"embeddable":true,"href":"https:\/\/beeasist.com\/ro\/wp-json\/wp\/v2\/comments?post=392"}],"version-history":[{"count":7,"href":"https:\/\/beeasist.com\/ro\/wp-json\/wp\/v2\/pages\/392\/revisions"}],"predecessor-version":[{"id":12155,"href":"https:\/\/beeasist.com\/ro\/wp-json\/wp\/v2\/pages\/392\/revisions\/12155"}],"wp:attachment":[{"href":"https:\/\/beeasist.com\/ro\/wp-json\/wp\/v2\/media?parent=392"}],"curies":[{"name":"wp","href":"https:\/\/api.w.org\/{rel}","templated":true}]}}